{"id":28,"date":"2020-04-25T22:58:29","date_gmt":"2020-04-25T20:58:29","guid":{"rendered":"http:\/\/beautyloft.at\/wordpress\/?page_id=28"},"modified":"2024-02-05T14:10:49","modified_gmt":"2024-02-05T13:10:49","slug":"ueber-uns","status":"publish","type":"page","link":"https:\/\/beautyloft.at\/wordpress\/ueber-uns\/","title":{"rendered":"\u00dcber uns"},"content":{"rendered":"\t\t<div data-elementor-type=\"wp-page\" data-elementor-id=\"28\" class=\"elementor elementor-28\">\n\t\t\t\t\t\t<section class=\"elementor-section elementor-top-section elementor-element elementor-element-6e0b08f elementor-section-boxed elementor-section-height-default elementor-section-height-default\" data-id=\"6e0b08f\" data-element_type=\"section\" data-e-type=\"section\">\n\t\t\t\t\t\t<div class=\"elementor-container elementor-column-gap-default\">\n\t\t\t\t\t<div class=\"elementor-column elementor-col-50 elementor-top-column elementor-element elementor-element-0397736\" data-id=\"0397736\" data-element_type=\"column\" data-e-type=\"column\">\n\t\t\t<div class=\"elementor-widget-wrap elementor-element-populated\">\n\t\t\t\t\t\t<div class=\"elementor-element elementor-element-aa56ecd elementor-widget elementor-widget-spacer\" data-id=\"aa56ecd\" data-element_type=\"widget\" data-e-type=\"widget\" data-widget_type=\"spacer.default\">\n\t\t\t\t<div class=\"elementor-widget-container\">\n\t\t\t\t\t\t\t<div class=\"elementor-spacer\">\n\t\t\t<div class=\"elementor-spacer-inner\"><\/div>\n\t\t<\/div>\n\t\t\t\t\t\t<\/div>\n\t\t\t\t<\/div>\n\t\t\t\t<div class=\"elementor-element elementor-element-4b3fbea elementor-widget elementor-widget-image\" data-id=\"4b3fbea\" data-element_type=\"widget\" data-e-type=\"widget\" data-widget_type=\"image.default\">\n\t\t\t\t<div class=\"elementor-widget-container\">\n\t\t\t\t\t\t\t\t\t\t\t\t\t\t\t<img fetchpriority=\"high\" decoding=\"async\" width=\"297\" height=\"300\" src=\"https:\/\/beautyloft.at\/wordpress\/wp-content\/uploads\/2024\/01\/WhatsApp-Image-2024-01-31-at-08.41.55-297x300.jpeg\" class=\"attachment-medium size-medium wp-image-783\" alt=\"Dagmar_Gnedt\" srcset=\"https:\/\/beautyloft.at\/wordpress\/wp-content\/uploads\/2024\/01\/WhatsApp-Image-2024-01-31-at-08.41.55-297x300.jpeg 297w, https:\/\/beautyloft.at\/wordpress\/wp-content\/uploads\/2024\/01\/WhatsApp-Image-2024-01-31-at-08.41.55-768x776.jpeg 768w, https:\/\/beautyloft.at\/wordpress\/wp-content\/uploads\/2024\/01\/WhatsApp-Image-2024-01-31-at-08.41.55.jpeg 950w\" sizes=\"(max-width: 297px) 100vw, 297px\" \/>\t\t\t\t\t\t\t\t\t\t\t\t\t\t\t<\/div>\n\t\t\t\t<\/div>\n\t\t\t\t\t<\/div>\n\t\t<\/div>\n\t\t\t\t<div class=\"elementor-column elementor-col-50 elementor-top-column elementor-element elementor-element-f31fb12\" data-id=\"f31fb12\" data-element_type=\"column\" data-e-type=\"column\">\n\t\t\t<div class=\"elementor-widget-wrap elementor-element-populated\">\n\t\t\t\t\t\t<div class=\"elementor-element elementor-element-fe0c473 elementor-widget elementor-widget-spacer\" data-id=\"fe0c473\" data-element_type=\"widget\" data-e-type=\"widget\" data-widget_type=\"spacer.default\">\n\t\t\t\t<div class=\"elementor-widget-container\">\n\t\t\t\t\t\t\t<div class=\"elementor-spacer\">\n\t\t\t<div class=\"elementor-spacer-inner\"><\/div>\n\t\t<\/div>\n\t\t\t\t\t\t<\/div>\n\t\t\t\t<\/div>\n\t\t\t\t<div class=\"elementor-element elementor-element-bdfe276 elementor-widget elementor-widget-heading\" data-id=\"bdfe276\" data-element_type=\"widget\" data-e-type=\"widget\" data-widget_type=\"heading.default\">\n\t\t\t\t<div class=\"elementor-widget-container\">\n\t\t\t\t\t<h2 class=\"elementor-heading-title elementor-size-default\">Dagmar Gnedt<\/h2>\t\t\t\t<\/div>\n\t\t\t\t<\/div>\n\t\t\t\t<div class=\"elementor-element elementor-element-317699c elementor-widget elementor-widget-text-editor\" data-id=\"317699c\" data-element_type=\"widget\" data-e-type=\"widget\" data-widget_type=\"text-editor.default\">\n\t\t\t\t<div class=\"elementor-widget-container\">\n\t\t\t\t\t\t\t\t\t<h4 style=\"font-variant-ligatures: normal; font-variant-caps: normal; font-family: Roboto, sans-serif; font-style: normal;\"><span style=\"font-size: 14px; font-weight: 600;\">Staatl. gepr\u00fcfte Podologin und Kosmetikerin<\/span><\/h4><h4 style=\"font-variant-ligatures: normal; font-variant-caps: normal; font-family: Roboto, sans-serif; font-style: normal;\"><span style=\"font-size: 14px; font-weight: 600;\">Dipl. Visagistin<\/span><\/h4><h4 style=\"font-variant-ligatures: normal; font-variant-caps: normal; font-family: Roboto, sans-serif; font-style: normal;\"><span style=\"font-size: 14px; font-weight: 600;\">Dipl. Nageldesigner<\/span><\/h4><h4 style=\"font-variant-ligatures: normal; font-variant-caps: normal; font-family: Roboto, sans-serif; font-style: normal;\"><span style=\"font-size: 14px; font-weight: 600;\">Microblading-Artist<\/span><\/h4><h4 style=\"font-variant-ligatures: normal; font-variant-caps: normal; font-family: Roboto, sans-serif; font-style: normal;\"><span style=\"font-size: 14px; font-weight: 600;\">Fu\u00dfreflexzonentherapeut<\/span><\/h4>\t\t\t\t\t\t\t\t<\/div>\n\t\t\t\t<\/div>\n\t\t\t\t\t<\/div>\n\t\t<\/div>\n\t\t\t\t\t<\/div>\n\t\t<\/section>\n\t\t\t\t<\/div>\n\t\t","protected":false},"excerpt":{"rendered":"<p>Dagmar Gnedt Staatl. gepr\u00fcfte Podologin und Kosmetikerin Dipl. Visagistin Dipl. Nageldesigner Microblading-Artist Fu\u00dfreflexzonentherapeut<\/p>\n","protected":false},"author":1,"featured_media":0,"parent":0,"menu_order":0,"comment_status":"closed","ping_status":"open","template":"elementor_header_footer","meta":{"_crdt_document":"","footnotes":""},"class_list":["post-28","page","type-page","status-publish","hentry"],"blocksy_meta":[],"yoast_head":"<!-- This site is optimized with the Yoast SEO plugin v27.5 - https:\/\/yoast.com\/product\/yoast-seo-wordpress\/ -->\n<title>\u00dcber uns - Beautyloft Gloggnitz<\/title>\n<meta name=\"robots\" content=\"index, follow, max-snippet:-1, max-image-preview:large, max-video-preview:-1\" \/>\n<link rel=\"canonical\" href=\"https:\/\/beautyloft.at\/wordpress\/ueber-uns\/\" \/>\n<meta property=\"og:locale\" content=\"de_DE\" \/>\n<meta property=\"og:type\" content=\"article\" \/>\n<meta property=\"og:title\" content=\"\u00dcber uns - Beautyloft Gloggnitz\" \/>\n<meta property=\"og:description\" content=\"Dagmar Gnedt Staatl. gepr\u00fcfte Podologin und Kosmetikerin Dipl. Visagistin Dipl. Nageldesigner Microblading-Artist Fu\u00dfreflexzonentherapeut\" \/>\n<meta property=\"og:url\" content=\"https:\/\/beautyloft.at\/wordpress\/ueber-uns\/\" \/>\n<meta property=\"og:site_name\" content=\"Beautyloft Gloggnitz\" \/>\n<meta property=\"article:publisher\" content=\"https:\/\/www.facebook.com\/BeautyLoftGloggnitz\/?locale=de_DE\" \/>\n<meta property=\"article:modified_time\" content=\"2024-02-05T13:10:49+00:00\" \/>\n<meta property=\"og:image\" content=\"http:\/\/beautyloft.at\/wordpress\/wp-content\/uploads\/2024\/01\/WhatsApp-Image-2024-01-31-at-08.41.55-297x300.jpeg\" \/>\n<meta name=\"twitter:card\" content=\"summary_large_image\" \/>\n<meta name=\"twitter:label1\" content=\"Gesch\u00e4tzte Lesezeit\" \/>\n\t<meta name=\"twitter:data1\" content=\"1\u00a0Minute\" \/>\n<script type=\"application\/ld+json\" class=\"yoast-schema-graph\">{\"@context\":\"https:\\\/\\\/schema.org\",\"@graph\":[{\"@type\":\"WebPage\",\"@id\":\"https:\\\/\\\/beautyloft.at\\\/wordpress\\\/ueber-uns\\\/\",\"url\":\"https:\\\/\\\/beautyloft.at\\\/wordpress\\\/ueber-uns\\\/\",\"name\":\"\u00dcber uns - Beautyloft Gloggnitz\",\"isPartOf\":{\"@id\":\"https:\\\/\\\/beautyloft.at\\\/wordpress\\\/#website\"},\"primaryImageOfPage\":{\"@id\":\"https:\\\/\\\/beautyloft.at\\\/wordpress\\\/ueber-uns\\\/#primaryimage\"},\"image\":{\"@id\":\"https:\\\/\\\/beautyloft.at\\\/wordpress\\\/ueber-uns\\\/#primaryimage\"},\"thumbnailUrl\":\"http:\\\/\\\/beautyloft.at\\\/wordpress\\\/wp-content\\\/uploads\\\/2024\\\/01\\\/WhatsApp-Image-2024-01-31-at-08.41.55-297x300.jpeg\",\"datePublished\":\"2020-04-25T20:58:29+00:00\",\"dateModified\":\"2024-02-05T13:10:49+00:00\",\"breadcrumb\":{\"@id\":\"https:\\\/\\\/beautyloft.at\\\/wordpress\\\/ueber-uns\\\/#breadcrumb\"},\"inLanguage\":\"de\",\"potentialAction\":[{\"@type\":\"ReadAction\",\"target\":[\"https:\\\/\\\/beautyloft.at\\\/wordpress\\\/ueber-uns\\\/\"]}]},{\"@type\":\"ImageObject\",\"inLanguage\":\"de\",\"@id\":\"https:\\\/\\\/beautyloft.at\\\/wordpress\\\/ueber-uns\\\/#primaryimage\",\"url\":\"https:\\\/\\\/beautyloft.at\\\/wordpress\\\/wp-content\\\/uploads\\\/2024\\\/01\\\/WhatsApp-Image-2024-01-31-at-08.41.55.jpeg\",\"contentUrl\":\"https:\\\/\\\/beautyloft.at\\\/wordpress\\\/wp-content\\\/uploads\\\/2024\\\/01\\\/WhatsApp-Image-2024-01-31-at-08.41.55.jpeg\",\"width\":950,\"height\":960,\"caption\":\"Dagmar_Gnedt\"},{\"@type\":\"BreadcrumbList\",\"@id\":\"https:\\\/\\\/beautyloft.at\\\/wordpress\\\/ueber-uns\\\/#breadcrumb\",\"itemListElement\":[{\"@type\":\"ListItem\",\"position\":1,\"name\":\"Startseite\",\"item\":\"https:\\\/\\\/beautyloft.at\\\/wordpress\\\/\"},{\"@type\":\"ListItem\",\"position\":2,\"name\":\"\u00dcber uns\"}]},{\"@type\":\"WebSite\",\"@id\":\"https:\\\/\\\/beautyloft.at\\\/wordpress\\\/#website\",\"url\":\"https:\\\/\\\/beautyloft.at\\\/wordpress\\\/\",\"name\":\"Beautyloft Gloggnitz\",\"description\":\"Fu\u00dfpflege - Kosmetik - Nageldesign\",\"publisher\":{\"@id\":\"https:\\\/\\\/beautyloft.at\\\/wordpress\\\/#organization\"},\"potentialAction\":[{\"@type\":\"SearchAction\",\"target\":{\"@type\":\"EntryPoint\",\"urlTemplate\":\"https:\\\/\\\/beautyloft.at\\\/wordpress\\\/?s={search_term_string}\"},\"query-input\":{\"@type\":\"PropertyValueSpecification\",\"valueRequired\":true,\"valueName\":\"search_term_string\"}}],\"inLanguage\":\"de\"},{\"@type\":\"Organization\",\"@id\":\"https:\\\/\\\/beautyloft.at\\\/wordpress\\\/#organization\",\"name\":\"Beautyloft Gloggnitz\",\"url\":\"https:\\\/\\\/beautyloft.at\\\/wordpress\\\/\",\"logo\":{\"@type\":\"ImageObject\",\"inLanguage\":\"de\",\"@id\":\"https:\\\/\\\/beautyloft.at\\\/wordpress\\\/#\\\/schema\\\/logo\\\/image\\\/\",\"url\":\"https:\\\/\\\/beautyloft.at\\\/wordpress\\\/wp-content\\\/uploads\\\/2024\\\/02\\\/Beautyloft-Gross.png\",\"contentUrl\":\"https:\\\/\\\/beautyloft.at\\\/wordpress\\\/wp-content\\\/uploads\\\/2024\\\/02\\\/Beautyloft-Gross.png\",\"width\":500,\"height\":500,\"caption\":\"Beautyloft Gloggnitz\"},\"image\":{\"@id\":\"https:\\\/\\\/beautyloft.at\\\/wordpress\\\/#\\\/schema\\\/logo\\\/image\\\/\"},\"sameAs\":[\"https:\\\/\\\/www.facebook.com\\\/BeautyLoftGloggnitz\\\/?locale=de_DE\"]}]}<\/script>\n<!-- \/ Yoast SEO plugin. -->","yoast_head_json":{"title":"\u00dcber uns - Beautyloft Gloggnitz","robots":{"index":"index","follow":"follow","max-snippet":"max-snippet:-1","max-image-preview":"max-image-preview:large","max-video-preview":"max-video-preview:-1"},"canonical":"https:\/\/beautyloft.at\/wordpress\/ueber-uns\/","og_locale":"de_DE","og_type":"article","og_title":"\u00dcber uns - Beautyloft Gloggnitz","og_description":"Dagmar Gnedt Staatl. gepr\u00fcfte Podologin und Kosmetikerin Dipl. Visagistin Dipl. Nageldesigner Microblading-Artist Fu\u00dfreflexzonentherapeut","og_url":"https:\/\/beautyloft.at\/wordpress\/ueber-uns\/","og_site_name":"Beautyloft Gloggnitz","article_publisher":"https:\/\/www.facebook.com\/BeautyLoftGloggnitz\/?locale=de_DE","article_modified_time":"2024-02-05T13:10:49+00:00","og_image":[{"url":"http:\/\/beautyloft.at\/wordpress\/wp-content\/uploads\/2024\/01\/WhatsApp-Image-2024-01-31-at-08.41.55-297x300.jpeg","type":"","width":"","height":""}],"twitter_card":"summary_large_image","twitter_misc":{"Gesch\u00e4tzte Lesezeit":"1\u00a0Minute"},"schema":{"@context":"https:\/\/schema.org","@graph":[{"@type":"WebPage","@id":"https:\/\/beautyloft.at\/wordpress\/ueber-uns\/","url":"https:\/\/beautyloft.at\/wordpress\/ueber-uns\/","name":"\u00dcber uns - Beautyloft Gloggnitz","isPartOf":{"@id":"https:\/\/beautyloft.at\/wordpress\/#website"},"primaryImageOfPage":{"@id":"https:\/\/beautyloft.at\/wordpress\/ueber-uns\/#primaryimage"},"image":{"@id":"https:\/\/beautyloft.at\/wordpress\/ueber-uns\/#primaryimage"},"thumbnailUrl":"http:\/\/beautyloft.at\/wordpress\/wp-content\/uploads\/2024\/01\/WhatsApp-Image-2024-01-31-at-08.41.55-297x300.jpeg","datePublished":"2020-04-25T20:58:29+00:00","dateModified":"2024-02-05T13:10:49+00:00","breadcrumb":{"@id":"https:\/\/beautyloft.at\/wordpress\/ueber-uns\/#breadcrumb"},"inLanguage":"de","potentialAction":[{"@type":"ReadAction","target":["https:\/\/beautyloft.at\/wordpress\/ueber-uns\/"]}]},{"@type":"ImageObject","inLanguage":"de","@id":"https:\/\/beautyloft.at\/wordpress\/ueber-uns\/#primaryimage","url":"https:\/\/beautyloft.at\/wordpress\/wp-content\/uploads\/2024\/01\/WhatsApp-Image-2024-01-31-at-08.41.55.jpeg","contentUrl":"https:\/\/beautyloft.at\/wordpress\/wp-content\/uploads\/2024\/01\/WhatsApp-Image-2024-01-31-at-08.41.55.jpeg","width":950,"height":960,"caption":"Dagmar_Gnedt"},{"@type":"BreadcrumbList","@id":"https:\/\/beautyloft.at\/wordpress\/ueber-uns\/#breadcrumb","itemListElement":[{"@type":"ListItem","position":1,"name":"Startseite","item":"https:\/\/beautyloft.at\/wordpress\/"},{"@type":"ListItem","position":2,"name":"\u00dcber uns"}]},{"@type":"WebSite","@id":"https:\/\/beautyloft.at\/wordpress\/#website","url":"https:\/\/beautyloft.at\/wordpress\/","name":"Beautyloft Gloggnitz","description":"Fu\u00dfpflege - Kosmetik - Nageldesign","publisher":{"@id":"https:\/\/beautyloft.at\/wordpress\/#organization"},"potentialAction":[{"@type":"SearchAction","target":{"@type":"EntryPoint","urlTemplate":"https:\/\/beautyloft.at\/wordpress\/?s={search_term_string}"},"query-input":{"@type":"PropertyValueSpecification","valueRequired":true,"valueName":"search_term_string"}}],"inLanguage":"de"},{"@type":"Organization","@id":"https:\/\/beautyloft.at\/wordpress\/#organization","name":"Beautyloft Gloggnitz","url":"https:\/\/beautyloft.at\/wordpress\/","logo":{"@type":"ImageObject","inLanguage":"de","@id":"https:\/\/beautyloft.at\/wordpress\/#\/schema\/logo\/image\/","url":"https:\/\/beautyloft.at\/wordpress\/wp-content\/uploads\/2024\/02\/Beautyloft-Gross.png","contentUrl":"https:\/\/beautyloft.at\/wordpress\/wp-content\/uploads\/2024\/02\/Beautyloft-Gross.png","width":500,"height":500,"caption":"Beautyloft Gloggnitz"},"image":{"@id":"https:\/\/beautyloft.at\/wordpress\/#\/schema\/logo\/image\/"},"sameAs":["https:\/\/www.facebook.com\/BeautyLoftGloggnitz\/?locale=de_DE"]}]}},"_links":{"self":[{"href":"https:\/\/beautyloft.at\/wordpress\/wp-json\/wp\/v2\/pages\/28","targetHints":{"allow":["GET"]}}],"collection":[{"href":"https:\/\/beautyloft.at\/wordpress\/wp-json\/wp\/v2\/pages"}],"about":[{"href":"https:\/\/beautyloft.at\/wordpress\/wp-json\/wp\/v2\/types\/page"}],"author":[{"embeddable":true,"href":"https:\/\/beautyloft.at\/wordpress\/wp-json\/wp\/v2\/users\/1"}],"replies":[{"embeddable":true,"href":"https:\/\/beautyloft.at\/wordpress\/wp-json\/wp\/v2\/comments?post=28"}],"version-history":[{"count":35,"href":"https:\/\/beautyloft.at\/wordpress\/wp-json\/wp\/v2\/pages\/28\/revisions"}],"predecessor-version":[{"id":828,"href":"https:\/\/beautyloft.at\/wordpress\/wp-json\/wp\/v2\/pages\/28\/revisions\/828"}],"wp:attachment":[{"href":"https:\/\/beautyloft.at\/wordpress\/wp-json\/wp\/v2\/media?parent=28"}],"curies":[{"name":"wp","href":"https:\/\/api.w.org\/{rel}","templated":true}]}}